{"id":4864,"date":"2019-11-20T14:40:06","date_gmt":"2019-11-20T20:40:06","guid":{"rendered":"http:\/\/leonjoven.gob.mx\/?post_type=project&#038;p=4864"},"modified":"2019-12-03T16:26:40","modified_gmt":"2019-12-03T22:26:40","slug":"que-son-los-derechos-sexuales-y-reproductivos","status":"publish","type":"project","link":"http:\/\/leonjoven.gob.mx\/?project=que-son-los-derechos-sexuales-y-reproductivos","title":{"rendered":"\u00bfQu\u00e9 son los derechos sexuales y reproductivos?"},"content":{"rendered":"<p>[et_pb_section fb_built=&#8221;1&#8243; custom_padding_last_edited=&#8221;on|desktop&#8221; admin_label=&#8221;section&#8221; _builder_version=&#8221;3.21&#8243; background_image=&#8221;http:\/\/leonjoven.gob.mx\/wp-content\/uploads\/2019\/11\/Fondo-Articulo7.jpg&#8221; parallax=&#8221;on&#8221; custom_padding=&#8221;||||true&#8221; custom_padding_tablet=&#8221;50px|0|50px|0&#8243; custom_padding_phone=&#8221;50px|0|0|0|false|false&#8221; transparent_background=&#8221;off&#8221;][et_pb_row make_fullwidth=&#8221;on&#8221; custom_padding=&#8221;0|0px|0|0px|false|false&#8221; custom_margin=&#8221;|||&#8221; background_color_2=&#8221;#7e00ff&#8221; padding_top_bottom_link_2=&#8221;true&#8221; padding_left_right_link_2=&#8221;true&#8221; parallax_method_1=&#8221;off&#8221; parallax_method_2=&#8221;off&#8221; padding_top_2=&#8221;3vw&#8221; padding_right_2=&#8221;3vw&#8221; padding_bottom_2=&#8221;3vw&#8221; padding_left_2=&#8221;3vw&#8221; admin_label=&#8221;Fila&#8221; _builder_version=&#8221;3.21&#8243; background_size=&#8221;initial&#8221; background_position=&#8221;top_left&#8221; background_repeat=&#8221;repeat&#8221;][et_pb_column type=&#8221;1_2&#8243; _builder_version=&#8221;3.0.47&#8243;][\/et_pb_column][et_pb_column type=&#8221;1_2&#8243; _builder_version=&#8221;3.0.47&#8243;][et_pb_post_title author=&#8221;off&#8221; featured_image=&#8221;off&#8221; _builder_version=&#8221;3.21&#8243; title_font=&#8221;||||||||&#8221; title_text_color=&#8221;#ffffff&#8221; title_font_size=&#8221;4em&#8221; title_font_size_phone=&#8221;2.4em&#8221; title_font_size_last_edited=&#8221;on|desktop&#8221; title_text_shadow_style=&#8221;preset5&#8243; title_text_shadow_color=&#8221;#cd00ed&#8221; meta_font=&#8221;||||||||&#8221; meta_text_color=&#8221;#ffffff&#8221; custom_padding=&#8221;8vw||0vw&#8221; animation_style=&#8221;flip&#8221; animation_duration=&#8221;1150ms&#8221; animation_delay=&#8221;350ms&#8221;][\/et_pb_post_title][et_pb_divider color=&#8221;#ffffff&#8221; divider_style=&#8221;outset&#8221; divider_position=&#8221;center&#8221; divider_weight=&#8221;8px&#8221; height=&#8221;0px&#8221; _builder_version=&#8221;3.21&#8243; animation_style=&#8221;zoom&#8221;][\/et_pb_divider][et_pb_text _builder_version=&#8221;3.21&#8243; text_font=&#8221;||||||||&#8221; header_font=&#8221;||||||||&#8221; header_4_font=&#8221;||||||||&#8221; header_4_text_color=&#8221;#ffffff&#8221; header_4_line_height=&#8221;1.5em&#8221; header_4_text_shadow_style=&#8221;preset5&#8243; header_4_text_shadow_horizontal_length=&#8221;0.16em&#8221; header_4_text_shadow_vertical_length=&#8221;0.16em&#8221; header_4_text_shadow_color=&#8221;#cd00ed&#8221; custom_padding=&#8221;1vw||&#8221; animation_style=&#8221;flip&#8221; animation_direction=&#8221;left&#8221; animation_duration=&#8221;1150ms&#8221; animation_delay=&#8221;850ms&#8221; animation_intensity_flip=&#8221;58%&#8221;]<\/p>\n<h4>Desde el momento en que nacemos todas y todos poseemos Derechos Humanos. Los derechos humanos son &#8220;derechos inherentes a toda la humanidad, sin distinci\u00f3n alguna de raza, sexo, nacionalidad, origen \u00e9tnico, lengua, religi\u00f3n o cualquier otra condici\u00f3n&#8221; (Naciones Unidas, 2019) que buscan garantizar, de manera general, \u201cel derecho a la vida y a la libertad; a no estar sometido ni a esclavitud ni a torturas; a la libertad de opini\u00f3n y de expresi\u00f3n; a la educaci\u00f3n y al trabajo, etc.\u201d (Naciones Unidas, 2019).<\/h4>\n<p>[\/et_pb_text][\/et_pb_column][\/et_pb_row][\/et_pb_section][et_pb_section fb_built=&#8221;1&#8243; custom_padding_last_edited=&#8221;on|desktop&#8221; admin_label=&#8221;section&#8221; _builder_version=&#8221;3.21&#8243; background_color=&#8221;#7e00ff&#8221; parallax=&#8221;on&#8221; custom_padding_tablet=&#8221;50px|0|50px|0&#8243; animation_style=&#8221;fade&#8221; transparent_background=&#8221;off&#8221; padding_mobile=&#8221;off&#8221;][et_pb_row custom_padding=&#8221;30px|0px|0|0px|false|false&#8221; _builder_version=&#8221;3.21&#8243;][et_pb_column type=&#8221;4_4&#8243; _builder_version=&#8221;3.21&#8243;][et_pb_text admin_label=&#8221;Texto&#8221; _builder_version=&#8221;3.21&#8243; text_font=&#8221;||||||||&#8221; text_text_color=&#8221;#ffffff&#8221; background_size=&#8221;initial&#8221; background_position=&#8221;top_left&#8221; background_repeat=&#8221;repeat&#8221; text_orientation=&#8221;justified&#8221; animation_style=&#8221;flip&#8221; animation_direction=&#8221;left&#8221; animation_delay=&#8221;850ms&#8221; use_border_color=&#8221;off&#8221; border_color=&#8221;#ffffff&#8221; border_style=&#8221;solid&#8221;]<\/p>\n<p><span style=\"font-size: 15px;\">Nuestros derechos se encuentran expresos en la Declaraci\u00f3n Universal de los Derechos Humanos (DUDH) que fue proclamada despu\u00e9s de la Segunda Guerra Mundial por la Asamblea General de las Naciones Unidas en Par\u00eds en 1948 (Amnist\u00eda Internacional, 2019: SP); nombrando a la Organizaci\u00f3n de las Naciones Unidas como la encargada de velar por el cumplimiento de los derechos humanos en los Estados.<\/span><\/p>\n<p>[\/et_pb_text][et_pb_text _builder_version=&#8221;3.21&#8243; text_font=&#8221;||||||||&#8221; text_text_color=&#8221;#ffffff&#8221; text_orientation=&#8221;justified&#8221;]<\/p>\n<p><span style=\"font-weight: 400;\">En el art\u00edculo 25\u00b0 de la DUDH se describe que:\u00a0<\/span><\/p>\n<ol>\n<li style=\"padding-left: 30px;\"><i style=\"font-size: 15px;\"><span>Toda persona tiene derecho a un nivel de vida adecuado que le asegure, as\u00ed como a su familia, la salud y el bienestar, y en especial la alimentaci\u00f3n, el vestido, la vivienda, la asistencia m\u00e9dica y los servicios sociales necesarios; tiene asimismo derecho a los seguros en caso de desempleo, enfermedad, invalidez, viudez, vejez y otros casos de p\u00e9rdida de sus medios de subsistencia por circunstancias independientes de su voluntad.<\/span><\/i><\/li>\n<li style=\"padding-left: 30px;\"><i style=\"font-size: 15px;\">La maternidad y la infancia tienen derecho a cuidados y asistencia especiales. Todos los ni\u00f1os, nacidos de matrimonio o fuera de matrimonio, tienen derecho a igual protecci\u00f3n social.<\/i><span style=\"font-size: 15px;\"> (Fundaci\u00f3n Internacional de Derechos Humanos 2019: SP).<\/span><\/li>\n<\/ol>\n<p>[\/et_pb_text][\/et_pb_column][\/et_pb_row][et_pb_row custom_padding=&#8221;37px|0px|27px|0px|false|false&#8221; _builder_version=&#8221;3.21&#8243;][et_pb_column type=&#8221;1_2&#8243; _builder_version=&#8221;3.21&#8243;][et_pb_text _builder_version=&#8221;3.21&#8243; text_font=&#8221;||||||||&#8221; text_text_color=&#8221;#ffffff&#8221; text_orientation=&#8221;justified&#8221;]<\/p>\n<p><span style=\"font-weight: 400;\">Este art\u00edculo, en otras palabras, afirma que todos\/as tenemos derecho a la salud. Aludir al t\u00e9rmino \u201csalud sexual\u201d implica hacer referencia al desarrollo pleno de la sexualidad humana como un aspecto esencial para el bienestar individual, interpersonal y social (OMS, 2019); es decir, disfrutar del placer, la ternura, el amor, tener deseos sexuales, construir una identidad sexual y de g\u00e9nero, etc.<\/span><\/p>\n<p><span style=\"font-weight: 400;\">Entonces, y en secuencia de la idea anterior, hacer referencia a los derechos sexuales es nombrar los aspectos biol\u00f3gicos y visibilizar que todos y todas poseemos sexualidades distintas que se conforman seg\u00fan nuestras etapas de vida, de acuerdo con el contexto en el que crezcamos, a trav\u00e9s de elementos socioculturales.<\/span><\/p>\n<p><span style=\"font-weight: 400;\">Los derechos sexuales reconocen la &#8220;autonom\u00eda personal, el derecho de disponer del propio cuerpo y tomar decisiones sobre el mismo e incluso al ejercicio de las libertades individuales&#8221;\u00a0 (Ju\u00e1rez H\u00e9rrera Y Cairo, 2009), donde cobra particular dimensi\u00f3n el placer sexual y la &#8220;toma de decisiones libres y responsables sobre todos los aspectos de la sexualidad, libres de discriminaci\u00f3n y violencia&#8221;\u00a0 (Ju\u00e1rez H\u00e9rrera Y Cairo, 2009).<\/span><\/p>\n<p><span style=\"font-weight: 400;\">No obstante, es importante mencionar que a la par de los derechos sexuales se encuentran los derechos reproductivos. La primera vez que se utiliz\u00f3 el concepto \u201cderechos reproductivos\u201d fue en la Reuni\u00f3n Internacional sobre Mujeres y Salud en \u00c1msterdam en los Pa\u00edses Bajos en 1984 considerando que cada persona decida sobre sus cuerpos y vida reproductiva (Consumer, 2019); y fue hasta 1994 que el concepto se legitima reconociendo el derecho de los individuos y de las parejas a decidir sobre el n\u00famero de hijos que desean cr\u00edar. En el articulo 4\u00b0 de la Constituci\u00f3n Politica de los Estados Unidos Mexicanos se establece que:\u00a0<\/span><\/p>\n<p style=\"padding-left: 30px;\"><i><span style=\"font-weight: 400;\">El var\u00f3n y la mujer son iguales ante la Ley. Toda persona tiene derecho a decidir de manera libre, responsable e informada sobre el n\u00famero y espaciamiento de sus hijos. Toda persona tiene derecho a la protecci\u00f3n de la salud.<\/span><\/i><span style=\"font-weight: 400;\"> (Salud, 2019)<\/span><\/p>\n<p><span style=\"font-size: 15px;\">En M\u00e9xico, como resultado del Foro Nacional de J\u00f3venes por los Derechos Sexuales -celebrado en 2011 por el Instituto Mexicano de la Juventud (Imjuve) y despu\u00e9s de un enorme avance en torno al reconocimiento y ejercicio de los Derechos Humanos relacionados con la sexualidad de la poblaci\u00f3n juvenil del pa\u00eds- se cre\u00f3 La Cartilla de Derechos Sexuales de Adolescentes y J\u00f3venes; la cual, describe detalladamente los Derechos Sexuales y Reproductivos de Adolescentes y J\u00f3venes, as\u00ed como las instituciones, organismos p\u00fablicos y organizaciones de la sociedad civil que procuran el goce y ejercicio de ellos<\/span><span style=\"font-size: 15px;\">.<\/span><\/p>\n<p>[\/et_pb_text][\/et_pb_column][et_pb_column type=&#8221;1_2&#8243; _builder_version=&#8221;3.21&#8243;][et_pb_image src=&#8221;http:\/\/leonjoven.gob.mx\/wp-content\/uploads\/2019\/11\/sex6.gif&#8221; _builder_version=&#8221;3.21&#8243; filter_hue_rotate=&#8221;188deg&#8221; filter_saturate=&#8221;104%&#8221; filter_brightness=&#8221;106%&#8221;][\/et_pb_image][et_pb_image src=&#8221;http:\/\/leonjoven.gob.mx\/wp-content\/uploads\/2019\/11\/sex5.gif&#8221; _builder_version=&#8221;3.21&#8243; filter_hue_rotate=&#8221;188deg&#8221; filter_saturate=&#8221;104%&#8221; filter_brightness=&#8221;106%&#8221;][\/et_pb_image][\/et_pb_column][\/et_pb_row][et_pb_row _builder_version=&#8221;3.21&#8243;][et_pb_column type=&#8221;4_4&#8243; _builder_version=&#8221;3.21&#8243;][et_pb_cta title=&#8221;\u00bfTe interesa este art\u00edculo?&#8221; button_url=&#8221;http:\/\/leonjoven.gob.mx\/?page_id=445&#8243; button_text=&#8221;Ir a secci\u00f3n&#8221; _builder_version=&#8221;3.21&#8243; background_color=&#8221;#cd00ed&#8221; custom_button=&#8221;on&#8221; button_text_color=&#8221;#cd00ed&#8221; button_bg_color=&#8221;#ffffff&#8221; button_border_width=&#8221;0px&#8221; button_border_radius=&#8221;81px&#8221; button_font=&#8221;|700|||||||&#8221; box_shadow_style=&#8221;preset4&#8243; link_option_url=&#8221;http:\/\/leonjoven.gob.mx\/?page_id=445&#8243;]<\/p>\n<p>Si encuentras muy interesante este art\u00edculo \u00a1comp\u00e1rtelo en tus redes sociales! Tambi\u00e9n puedes leer m\u00e1s sobre temas de juventud en nuestra secci\u00f3n de Art\u00edculos.<\/p>\n<p>[\/et_pb_cta][\/et_pb_column][\/et_pb_row][\/et_pb_section][et_pb_section fb_built=&#8221;1&#8243; _builder_version=&#8221;3.21&#8243; background_image=&#8221;http:\/\/leonjoven.gob.mx\/wp-content\/uploads\/2019\/11\/Fondo-Articulo8.jpg&#8221; parallax=&#8221;on&#8221; parallax_method=&#8221;off&#8221;][et_pb_row _builder_version=&#8221;3.21&#8243;][et_pb_column type=&#8221;1_3&#8243; _builder_version=&#8221;3.21&#8243;][et_pb_image src=&#8221;http:\/\/leonjoven.gob.mx\/wp-content\/uploads\/2019\/11\/sex2.gif&#8221; _builder_version=&#8221;3.21&#8243;][\/et_pb_image][et_pb_image src=&#8221;http:\/\/leonjoven.gob.mx\/wp-content\/uploads\/2019\/11\/sex3.gif&#8221; _builder_version=&#8221;3.21&#8243;][\/et_pb_image][\/et_pb_column][et_pb_column type=&#8221;2_3&#8243; _builder_version=&#8221;3.21&#8243;][et_pb_text _builder_version=&#8221;3.21&#8243; text_font=&#8221;||||||||&#8221; text_orientation=&#8221;justified&#8221; custom_padding=&#8221;|1vw||1vw||true&#8221;]<\/p>\n<p><span style=\"font-weight: 400;\">De acuerdo con la Cartilla de los Derechos Sexuales de Adolescentes y J\u00f3venes, los derechos sexuales que poseemos como juventudes son 14:<\/span><\/p>\n<ol>\n<li style=\"padding-left: 30px;\"><span style=\"font-weight: 400;\"><strong>Derecho a decidir de forma libre, aut\u00f3noma e informada sobre nuestro cuerpo y nuestra sexualidad, de acuerdo con las facultades que vamos desarrollando conforme a nuestro crecimiento o evoluci\u00f3n.<\/strong><br \/><\/span><span style=\"font-weight: 400;\">\u201cEl derecho a la vida, la libertad de ideas, religi\u00f3n, seguridad, a la intimidad y al matrimonio consensuado son derechos esenciales reconocidos constitucionalmente como fundamentales, estos derechos son sustanciales para el ejercicio de la sexualidad libre, aut\u00f3noma e informada\u201d (Cartilla de los Derechos Sexuales de Adolescentes y J\u00f3venes 2016: 14).<\/span><\/li>\n<li style=\"padding-left: 30px;\"><span style=\"font-weight: 400;\"><strong>Derecho a ejercer y disfrutar plenamente nuestra sexualidad.<\/strong>\u00a0<br \/><\/span><span style=\"font-weight: 400;\">\u201cVivir cualquier experiencia, expresi\u00f3n sexual, er\u00f3tica o de g\u00e9nero que elijamos, siempre que sea respetando los derechos de las personas involucradas y de acuerdo con nuestras facultades en desarrollo\u201d (Cartilla de los Derechos Sexuales de Adolescentes y J\u00f3venes 2016: 14).<\/span><\/li>\n<li style=\"padding-left: 30px;\"><span style=\"font-weight: 400;\"><strong>Derecho a manifestar p\u00fablicamente nuestros afectos.<\/strong><br \/><\/span><span style=\"font-weight: 400;\">\u201cLas manifestaciones p\u00fablicas de afecto ayudan a promover una cultura arm\u00f3nica, efectiva y libre de violencia. As\u00ed mismo el ejercer nuestra libertad individual de expresi\u00f3n, manifestaci\u00f3n, reuni\u00f3n, identidad sexual, de g\u00e9nero, sin prejuicios, ni discriminaci\u00f3n\u201d (Cartilla de los Derechos Sexuales de Adolescentes y J\u00f3venes 2016: 15)<\/span><\/li>\n<li style=\"padding-left: 30px;\"><span style=\"font-weight: 400;\"><strong>Derecho a decidir libremente con qui\u00e9n o qui\u00e9nes nos relacionamos afectiva, er\u00f3tica y socialmente.\u00a0<\/strong><br \/><\/span><span style=\"font-weight: 400;\">\u201cDecidir y ejercer nuestras pr\u00e1cticas sexuales, elegir con quien compartir nuestra vida, emociones, deseos, sexualidad de manera libre y aut\u00f3noma&#8221; (Cartilla de los Derechos Sexuales de Adolescentes y J\u00f3venes 2016:\u00a0 15).<\/span><\/li>\n<li style=\"padding-left: 30px;\"><span style=\"font-weight: 400;\"><strong>Derecho a que se respete nuestra privacidad e intimidad y a que se resguarde confidencialmente nuestra informaci\u00f3n personal.\u00a0<\/strong><br \/><\/span><span style=\"font-weight: 400;\">\u201cRespeto a mi privacidad e intimidad en todos los espacios de nuestra vida: escolar, familiar, social, digital, laboral, servicios de salud, etc., sin importar la edad\u201d (Cartilla de los Derechos Sexuales de Adolescentes y J\u00f3venes 2016: 16).<\/span><\/li>\n<li style=\"padding-left: 30px;\"><span style=\"font-weight: 400;\"><strong>Derecho a la vida, a la integridad f\u00edsica, psicol\u00f3gica y sexual. <\/strong><br \/>\u201cNinguna persona o autoridad puede ejercer ning\u00fan tipo de violencia, incluyendo la sexual, f\u00edsica, psicolog\u00eda, econ\u00f3mica, ni ninguna acci\u00f3n que busque da\u00f1ar nuestra vida, dignidad, integridad y\/o libertad\u201d (Cartilla de los Derechos Sexuales de Adolescentes y J\u00f3venes 2016: 16).<\/span><\/li>\n<li style=\"padding-left: 30px;\"><span style=\"font-weight: 400;\"><strong>Derecho a decidir de manera libre e informada sobre nuestra vida reproductiva. <\/strong><br \/>\u201cLa decisi\u00f3n de tener o no hijos, cu\u00e1ntos, cu\u00e1ndo y con qui\u00e9n sin que nuestra orientaci\u00f3n sexual, identidad de g\u00e9nero, edad, estado civil o cualquier otra condici\u00f3n o caracter\u00edstica sea un impedimento para ello, considerando nuestras facultades, como nuestras necesidades\u201d (Cartilla de los Derechos Sexuales de Adolescentes y J\u00f3venes 2016: 17).<\/span><\/li>\n<\/ol>\n<p><span style=\"font-weight: 400;\"><\/span><\/p>\n<p>[\/et_pb_text][\/et_pb_column][\/et_pb_row][et_pb_row _builder_version=&#8221;3.21&#8243;][et_pb_column type=&#8221;2_3&#8243; _builder_version=&#8221;3.21&#8243;][et_pb_text _builder_version=&#8221;3.21&#8243; text_font=&#8221;||||||||&#8221; text_orientation=&#8221;justified&#8221; custom_padding=&#8221;|1vw||1vw||true&#8221;]<\/p>\n<ol start=\"8\">\n<li style=\"padding-left: 30px;\"><span style=\"font-weight: 400;\"><strong>Derecho a la igualdad. <\/strong><br \/>\nVivir libres de prejuicios y estereotipos de g\u00e9nero que limiten nuestras capacidades y ejercicio pleno de derecho. \u201cLa diversidad de caracter\u00edsticas y necesidades espec\u00edficas no significan que somos diferentes, ante la ley todos somos iguales lo que nos garantiza la posibilidad de ejercer todos nuestros derechos sin discriminaci\u00f3n, con igualdad de oportunidades y trato digno\u201d (Cartilla de los Derechos Sexuales de Adolescentes y J\u00f3venes 2016: 17).<\/span><\/li>\n<li style=\"padding-left: 30px;\"><span style=\"font-weight: 400;\"><strong>Derecho a vivir libres de discriminaci\u00f3n. <\/strong><br \/>\nEs decir, \u201csin que se nos discrimine por nuestra edad, color de piel, cultura, sexo, g\u00e9nero, discapacidades, la condici\u00f3n social, econ\u00f3mica (\u2026) o jur\u00eddica, la religi\u00f3n, apariencia f\u00edsica, la situaci\u00f3n migratoria, la lengua, las opiniones, filiaci\u00f3n pol\u00edtica\u201d (Cartilla de los Derechos Sexuales de Adolescentes y J\u00f3venes 2016: 18).<\/span><\/li>\n<li style=\"padding-left: 30px;\"><span style=\"font-weight: 400;\"><strong>Derecho a la informaci\u00f3n actualizada, veraz, completa, cient\u00edfica y laica sobre sexualidad, para tomar decisiones libres sobre nuestra vida.<\/strong><br \/>\n\u201cAl referirnos a temas relativos a la sexualidad deben incluir todos los componentes de esta \u00e1rea: el g\u00e9nero, el erotismo, los v\u00ednculos afectivos, la reproducci\u00f3n, el placer y la diversidad\u201d (Cartilla de los Derechos Sexuales de Adolescentes y J\u00f3venes 2016: 18).<\/span><\/li>\n<li style=\"padding-left: 30px;\"><span style=\"font-weight: 400;\"><strong>Derecho a la educaci\u00f3n integral en sexualidad. <\/strong><br \/>\n\u201cDeber\u00e1 fomentar la toma de decisiones libre e informada, la cultura de respeto a la dignidad humana y equidad. Es tan necesaria para el bienestar f\u00edsico como mental y social, y para el desarrollo humano en general\u201d (Cartilla de los Derechos Sexuales de Adolescentes y J\u00f3venes 2016: 19).<\/span><\/li>\n<li style=\"padding-left: 30px;\"><span style=\"font-weight: 400;\"><strong>Derecho a los servicios de salud sexual y reproductiva. <\/strong><br \/>\n\u201cEstos servicios incluyen: consejer\u00eda con informaci\u00f3n, orientaci\u00f3n y apoyo, provisi\u00f3n de m\u00e9todos anticonceptivos, aborto legal y seguro y atenci\u00f3n durante el embarazo, parto, detecci\u00f3n oportuna y atenci\u00f3n de ITS incluyendo VIH, detecci\u00f3n y atenci\u00f3n de la violencia, entre otros.\u201d (Cartilla de los Derechos Sexuales de Adolescentes y J\u00f3venes 2016: 19).<\/span><\/li>\n<li style=\"padding-left: 30px;\"><span style=\"font-weight: 400;\"><strong>Derecho a la identidad sexual. <\/strong><br \/>\n\u201cConstruir, decidir y expresar nuestra identidad de g\u00e9nero, orientaci\u00f3n sexual e identidad pol\u00edtica. El contar con una identidad jur\u00eddica que corresponda con nuestra identidad sexual, nos posibilita el pleno acceso a todos los derechos humanos\u201d (Cartilla de los Derechos Sexuales de Adolescentes y J\u00f3venes 2016: 20).<\/span><\/li>\n<li style=\"padding-left: 30px;\"><span style=\"font-weight: 400;\"><strong>Derecho a la participaci\u00f3n en las pol\u00edticas p\u00fablicas sobre sexualidad y reproducci\u00f3n. <\/strong><br \/>\n\u201cIncidir en cualquier iniciativa de ley, plan o programa p\u00fablico que involucre los derechos sexuales, en su dise\u00f1o, implementaci\u00f3n, evaluaci\u00f3n y seguimiento, as\u00ed como en la asignaci\u00f3n y ejecuci\u00f3n de presupuesto\u201d (Cartilla de los Derechos Sexuales de Adolescentes y J\u00f3venes 2016: 20). Los derechos sexuales han estado en la escena social y pol\u00edtica desde hace d\u00e9cadas reconstruy\u00e9ndose y form\u00e1ndose orientados a un ejercicio pleno de las decisiones sobre los cuerpos de las personas.<\/span><span style=\"font-weight: 400;\"><\/span><span style=\"font-weight: 400;\"><\/span><\/li>\n<\/ol>\n<p><span style=\"font-weight: 400;\"><\/span>[\/et_pb_text][\/et_pb_column][et_pb_column type=&#8221;1_3&#8243; _builder_version=&#8221;3.21&#8243;][et_pb_image src=&#8221;http:\/\/leonjoven.gob.mx\/wp-content\/uploads\/2019\/11\/sex4.gif&#8221; _builder_version=&#8221;3.21&#8243;][\/et_pb_image][et_pb_image src=&#8221;http:\/\/leonjoven.gob.mx\/wp-content\/uploads\/2019\/11\/sex1.gif&#8221; _builder_version=&#8221;3.21&#8243;][\/et_pb_image][\/et_pb_column][\/et_pb_row][\/et_pb_section][et_pb_section fb_built=&#8221;1&#8243; custom_padding_last_edited=&#8221;on|desktop&#8221; admin_label=&#8221;section&#8221; _builder_version=&#8221;3.21&#8243; background_color=&#8221;#7e00ff&#8221; parallax=&#8221;on&#8221; custom_padding_tablet=&#8221;50px|0|50px|0&#8243; animation_style=&#8221;fade&#8221; transparent_background=&#8221;off&#8221; padding_mobile=&#8221;off&#8221;][et_pb_row _builder_version=&#8221;3.21&#8243;][et_pb_column type=&#8221;3_5&#8243; _builder_version=&#8221;3.21&#8243;][et_pb_text _builder_version=&#8221;3.21&#8243; text_font=&#8221;||||||||&#8221; text_text_color=&#8221;#ffffff&#8221; header_font=&#8221;||||||||&#8221; header_2_font=&#8221;||||||||&#8221; header_3_font=&#8221;||||||||&#8221; header_3_text_color=&#8221;#cd00ed&#8221; header_4_font=&#8221;||||||||&#8221; header_5_font=&#8221;||||||||&#8221; header_6_font=&#8221;||||||||&#8221; text_orientation=&#8221;justified&#8221;]<\/p>\n<h3><strong>Consideraciones finales<\/strong><\/h3>\n<p><span style=\"font-weight: 400;\">En el contexto local, el marco jur\u00eddico guanajuatense limita la atenci\u00f3n y tratamiento de la salud reproductiva como un \u00e1rea de trabajo de instituciones sociales y educativas; hecho que se refleja en el poco conocimiento de los derechos sexuales y reproductivos por la ausencia de su fomento en la curricula escolar y en el trabajo homologado de las instituci\u00f3n; por lo que, una de las variables desembocan en embarazos no deseados en adolescentes.<\/span><\/p>\n<p><span style=\"font-weight: 400;\">El panorama en nuestro estado, Guanajuato, est\u00e1 lleno de retos; ya que, por una parte legalmente no contamos con apartados espec\u00edficos en los que se desarrollen mecanismos para el cuidado y el tratamiento de la salud sexual y reproductiva de las juventudes, y, por otra parte, lo complicado que es legislar a favor de los derechos sexuales y reproductivos, para beneficio de las juventudes y de las mujeres, por cuestiones ideol\u00f3gicas.\u00a0\u00a0<\/span><\/p>\n<p><span style=\"font-weight: 400;\">Cada d\u00eda existen m\u00e1s asociaciones, redes y colectivos que abordan la promoci\u00f3n de los derechos sexuales y reproductivos; y que, adem\u00e1s, impulsan y revisan propuestas y programas sociales que cubran las necesidades de los y las adolescentes y aquellos grupos a los que no les son reconocidos sus derechos humanos.<\/span><\/p>\n<p><span style=\"font-weight: 400;\">Con base en lo anterior, podemos afirmar que el Estado tiene la obligaci\u00f3n de velar por el cumplimiento de estos derechos, haciendo que los espacios est\u00e9n libres de violencia, discriminaci\u00f3n y prejuicios para el goce completo de los mismos; cualquier acci\u00f3n que viole estos derechos atenta contra nuestro bienestar integral y da\u00f1a la dignidad humana.<\/span><\/p>\n<p><span style=\"font-weight: 400;\">La importancia de abordar los derechos sexuales y reproductivos en la poblaci\u00f3n adolescente y joven radica en que, si bien las declaraciones internacionales y leyes nacionales proponen que todas las personas tienen derechos humanos, en contextos culturales y politicos especificos, no se reconocen y tampoco se ejercen. En M\u00e9xico se han visibilizado a tr\u00e1ves del tiempo; sin embargo, a\u00fan queda camino por recorrer.<\/span><\/p>\n<p>[\/et_pb_text][\/et_pb_column][et_pb_column type=&#8221;2_5&#8243; _builder_version=&#8221;3.21&#8243;][\/et_pb_column][\/et_pb_row][et_pb_row _builder_version=&#8221;3.21&#8243;][et_pb_column type=&#8221;2_5&#8243; _builder_version=&#8221;3.21&#8243;][\/et_pb_column][et_pb_column type=&#8221;3_5&#8243; _builder_version=&#8221;3.21&#8243;][et_pb_text _builder_version=&#8221;3.21&#8243; text_font=&#8221;||||||||&#8221; text_text_color=&#8221;#ffffff&#8221; header_font=&#8221;||||||||&#8221; header_2_font=&#8221;||||||||&#8221; header_3_font=&#8221;||||||||&#8221; header_3_text_color=&#8221;#cd00ed&#8221; header_4_font=&#8221;||||||||&#8221; header_5_font=&#8221;||||||||&#8221; header_6_font=&#8221;||||||||&#8221;]<\/p>\n<h3><strong>Bibliograf\u00eda<\/strong><\/h3>\n<ul>\n<li><span style=\"font-weight: 400;\">Amnist\u00eda Internacional. (26 de Abril de 2019). <\/span><i><span style=\"font-weight: 400;\">\u00bfQU\u00c9 SON LOS DERECHOS HUMANOS?<\/span><\/i><span style=\"font-weight: 400;\"> Obtenido de <a href=\"https:\/\/www.es.amnesty.org\/en-que-estamos\/temas\/derechos-humanos\/\">https:\/\/www.es.amnesty.org\/en-que-estamos\/temas\/derechos-humanos\/<\/a><\/span><\/li>\n<li><span style=\"font-weight: 400;\"><\/span><span style=\"font-weight: 400;\">Cartilla de los Derechos Sexuales de Adolescentes y J\u00f3venes. (noviembre de 2016). Obtenido de <a href=\"http:\/\/www.cndh.org.mx\/sites\/all\/doc\/cartillas\/2015-2016\/car-Derechos-sexuales-reproductivos.pdf\">http:\/\/www.cndh.org.mx\/sites\/all\/doc\/cartillas\/2015-2016\/car-Derechos-sexuales-reproductivos.pdf<\/a><\/span><\/li>\n<li><span style=\"font-weight: 400;\"><\/span><span style=\"font-weight: 400;\">Consumer, E. (20 de Mayo de 2019). <\/span><i><span style=\"font-weight: 400;\">&#8220;La educaci\u00f3n sexual y los derechos sexuales&#8221;<\/span><\/i><span style=\"font-weight: 400;\">. Obtenido de Sexo y Salud. Gu\u00eda pr\u00e1ctica de la sexualidad: <a href=\"http:\/\/sexoysalud.consumer.es\/educaci%C3%B3n-y-derechos\/declaraci%C3%B3n-de-los-derechos-sexuales\">http:\/\/sexoysalud.consumer.es\/educaci%C3%B3n-y-derechos\/declaraci%C3%B3n-de-los-derechos-sexuales<\/a><\/span><\/li>\n<li><span style=\"font-weight: 400;\"><\/span><span style=\"font-weight: 400;\">Fundaci\u00f3n Internacional de Derechos Humanos. (8 de mayo de 2019). <\/span><i><span style=\"font-weight: 400;\">Declaraci\u00f3n Universal de los Derechos Humanos<\/span><\/i><span style=\"font-weight: 400;\">. Obtenido de <a href=\"https:\/\/dudh.es\/25\/\">https:\/\/dudh.es\/25\/<\/a><\/span><\/li>\n<li><span style=\"font-weight: 400;\"><\/span><span style=\"font-weight: 400;\">Instituto Nacional de las Mujeres. (28 de junio de 2017). <\/span><i><span style=\"font-weight: 400;\">Instituto Nacional de las Mujeres<\/span><\/i><span style=\"font-weight: 400;\">. Obtenido de <a href=\"https:\/\/www.gob.mx\/inmujeres\/articulos\/derechos-sexuales-para-adolescentes-y-jovenes?idiom=es\">https:\/\/www.gob.mx\/inmujeres\/articulos\/derechos-sexuales-para-adolescentes-y-jovenes?idiom=es<\/a><\/span><\/li>\n<li><span style=\"font-weight: 400;\"><\/span><span style=\"font-weight: 400;\">Ju\u00e1rez H\u00e9rrera Y Cairo, L. A. (Diciembre de 2009). (R. d. G\u00e9nero, Ed.)<\/span><\/li>\n<li><span style=\"font-weight: 400;\"><\/span><span style=\"font-weight: 400;\">Naciones Unidas. (26 de Abril de 2019). <\/span><i><span style=\"font-weight: 400;\">Naciones Unidas<\/span><\/i><span style=\"font-weight: 400;\">. Obtenido de <a href=\"https:\/\/www.un.org\/es\/sections\/issues-depth\/human-rights\/index.html\">https:\/\/www.un.org\/es\/sections\/issues-depth\/human-rights\/index.html<\/a><\/span><\/li>\n<li><span style=\"font-weight: 400;\"><\/span><span style=\"font-weight: 400;\">OMS. (20 de Mayo de 2019). <\/span><i><span style=\"font-weight: 400;\">&#8220;Salud sexual&#8221;<\/span><\/i><span style=\"font-weight: 400;\">. Obtenido de Organizaci\u00f3n Mundial de la Salud: <a href=\"https:\/\/www.who.int\/topics\/sexual_health\/es\/\">https:\/\/www.who.int\/topics\/sexual_health\/es\/<\/a><\/span><\/li>\n<li><span style=\"font-weight: 400;\"><\/span><span style=\"font-weight: 400;\">Ruiz, M. G. (25 de marzo de 2019). Obtenido de <a href=\"https:\/\/conlaa.com\/derechos-sexuales-derechos-humanos\/\">https:\/\/conlaa.com\/derechos-sexuales-derechos-humanos\/<\/a><\/span><\/li>\n<li><span style=\"font-weight: 400;\"><\/span><span style=\"font-weight: 400;\">Salud, S. d. (20 de Mayo de 2019). <\/span><i style=\"font-size: 15px;\"><span>&#8220;Cartilla de Derechos sexuales y reproductivos&#8221;<\/span><\/i><span style=\"font-weight: 400;\">. Obtenido de Centro Nacional de Equidad de G\u00e9nero y Salud Reproductiva&#8221;: https:\/\/www.gob.mx\/issste\/articulos\/cartilla-de-derechos-sexuales-de-adolescentes-y-jovenes?idiom=es<\/span><\/li>\n<\/ul>\n<p>[\/et_pb_text][\/et_pb_column][\/et_pb_row][\/et_pb_section][et_pb_section fb_built=&#8221;1&#8243; custom_padding_last_edited=&#8221;on|desktop&#8221; admin_label=&#8221;section&#8221; _builder_version=&#8221;3.21&#8243; background_color=&#8221;#ffffff&#8221; parallax=&#8221;on&#8221; custom_padding_tablet=&#8221;50px|0|50px|0&#8243; animation_style=&#8221;fade&#8221; transparent_background=&#8221;off&#8221; padding_mobile=&#8221;off&#8221;][et_pb_row custom_padding=&#8221;27px|0px|12px|0px|false|false&#8221; _builder_version=&#8221;3.21&#8243;][et_pb_column type=&#8221;4_4&#8243; _builder_version=&#8221;3.21&#8243;][et_pb_image src=&#8221;http:\/\/leonjoven.gob.mx\/wp-content\/uploads\/2019\/06\/Infografia3.jpg&#8221; align=&#8221;center&#8221; _builder_version=&#8221;3.21&#8243;][\/et_pb_image][et_pb_text _builder_version=&#8221;3.21&#8243; header_font=&#8221;||||||||&#8221; header_3_font=&#8221;||||||||&#8221; header_3_text_align=&#8221;center&#8221; header_3_text_color=&#8221;#0f27ff&#8221; header_3_font_size=&#8221;3em&#8221;]<\/p>\n<h3>AUTORES<\/h3>\n<p>[\/et_pb_text][\/et_pb_column][\/et_pb_row][et_pb_row _builder_version=&#8221;3.21&#8243;][et_pb_column type=&#8221;1_3&#8243; _builder_version=&#8221;3.21&#8243;][et_pb_blurb title=&#8221;Vicente Omar Gonz\u00e1lez Huerta &#8221; image=&#8221;http:\/\/leonjoven.gob.mx\/wp-content\/uploads\/2019\/11\/Vicente-2.jpg&#8221; image_max_width=&#8221;27%&#8221; content_max_width=&#8221;602px&#8221; _builder_version=&#8221;3.21&#8243; header_font=&#8221;||||||||&#8221; header_text_align=&#8221;center&#8221; header_text_color=&#8221;#8300e9&#8243; body_font=&#8221;||||||||&#8221; body_text_align=&#8221;justify&#8221; body_font_size=&#8221;13px&#8221; border_radii_image=&#8221;on|7vw|7vw|7vw|7vw&#8221; border_width_all_image=&#8221;4px&#8221; border_color_all_image=&#8221;#ffffff&#8221; box_shadow_style_image=&#8221;preset4&#8243; box_shadow_horizontal_image=&#8221;0px&#8221; box_shadow_vertical_image=&#8221;8px&#8221; filter_brightness=&#8221;109%&#8221; child_filter_saturate=&#8221;0%&#8221;]<\/p>\n<p style=\"text-align: center;\"><em>Correo electr\u00f3nico: <a href=\"mailto:vicenteogh@gmail.com\">vicenteogh@gmail.com<\/a><\/em><\/p>\n<p>Egresado de la licenciatura en Sociolog\u00eda de la Universidad de Guanajuato, con conocimientos en la realizaci\u00f3n de investigaci\u00f3n y en el desarrollo de entrevistas, grupos focales y encuestas, as\u00ed como en la evaluaci\u00f3n de dise\u00f1o de programas sociales. Mi tem\u00e1tica de inter\u00e9s son las identidades juveniles.<\/p>\n<p>[\/et_pb_blurb][\/et_pb_column][et_pb_column type=&#8221;1_3&#8243; _builder_version=&#8221;3.21&#8243;][et_pb_blurb title=&#8221;Flor Andrea Atlixque\u00f1o Palomares&#8221; image=&#8221;http:\/\/leonjoven.gob.mx\/wp-content\/uploads\/2019\/11\/foto2.jpg&#8221; image_max_width=&#8221;27%&#8221; content_max_width=&#8221;602px&#8221; _builder_version=&#8221;3.21&#8243; header_font=&#8221;||||||||&#8221; header_text_align=&#8221;center&#8221; header_text_color=&#8221;#8300e9&#8243; body_font=&#8221;||||||||&#8221; body_text_align=&#8221;justify&#8221; body_font_size=&#8221;13px&#8221; border_radii_image=&#8221;on|7vw|7vw|7vw|7vw&#8221; border_width_all_image=&#8221;4px&#8221; border_color_all_image=&#8221;#ffffff&#8221; box_shadow_style_image=&#8221;preset4&#8243; box_shadow_horizontal_image=&#8221;0px&#8221; box_shadow_vertical_image=&#8221;8px&#8221; filter_brightness=&#8221;109%&#8221; child_filter_saturate=&#8221;0%&#8221;]<\/p>\n<p style=\"text-align: center;\"><em>Correo electr\u00f3nico: <a href=\"mailto:floraatlixqueno@gmail.com\">floraatlixqueno@gmail.com<\/a><\/em><\/p>\n<p>Licenciada en Administraci\u00f3n agropecuaria por la ENES &#8211; Le\u00f3n.<\/p>\n<p>[\/et_pb_blurb][\/et_pb_column][et_pb_column type=&#8221;1_3&#8243; _builder_version=&#8221;3.21&#8243;][et_pb_blurb title=&#8221;Mar\u00eda Elena Sandoval Barajas<br \/>\n&#8221; image=&#8221;http:\/\/leonjoven.gob.mx\/wp-content\/uploads\/2019\/11\/fotobarajas.jpg&#8221; image_max_width=&#8221;27%&#8221; content_max_width=&#8221;602px&#8221; _builder_version=&#8221;3.21&#8243; header_font=&#8221;||||||||&#8221; header_text_align=&#8221;center&#8221; header_text_color=&#8221;#8300e9&#8243; body_font=&#8221;||||||||&#8221; body_text_align=&#8221;justify&#8221; body_font_size=&#8221;13px&#8221; border_radii_image=&#8221;on|7vw|7vw|7vw|7vw&#8221; border_width_all_image=&#8221;4px&#8221; border_color_all_image=&#8221;#ffffff&#8221; box_shadow_style_image=&#8221;preset4&#8243; box_shadow_horizontal_image=&#8221;0px&#8221; box_shadow_vertical_image=&#8221;8px&#8221; filter_brightness=&#8221;109%&#8221; child_filter_saturate=&#8221;0%&#8221;]<\/p>\n<p style=\"text-align: center;\"><em>Correo electr\u00f3nico: <a href=\"mailto:helena.sandoval11@gmail.com\">helena.sandoval11@gmail.com<\/a><\/em><\/p>\n<p>Egresada en Antropolog\u00eda Social por la Universidad de Guanajuato y feminista. <br \/>He laborado en el Instituto Municipal de las Mujeres en los programas de Masculinidades y Redes de Mujeres y para la organizaci\u00f3n internacional DKT M\u00e9xico y condones Prudence como responsable de programas sociales en Guanajuato.<\/p>\n<p>Tambi\u00e9n he participado como facilitadora en la capacitaci\u00f3n a elementos de Seguridad P\u00fablica Municipal en el curso \u201cPolic\u00eda de proximidad y\/o Unidad especializada para atender la violencia familiar y de g\u00e9nero\u201d en colaboraci\u00f3n con el Instituto Municipal de las Mujeres y en el proyecto Hewlett para el fortalecimiento del acceso a los servicios de salud para adolescentes y mujeres ind\u00edgenas, financiado por el Instituto de Liderazgo Simone de Beauvoir A.C.<\/p>\n<p>Actualmente estoy en proceso de publicaci\u00f3n un art\u00edculo en el libro &#8220;Identidades en Guanajuato&#8221; financiado por la Universidad de Guanajuato y soy Consejera Juvenil en el Consejo de Salud del municipio de Le\u00f3n, Guanajuato.<\/p>\n<p>[\/et_pb_blurb][\/et_pb_column][\/et_pb_row][\/et_pb_section]<\/p>\n","protected":false},"excerpt":{"rendered":"<p>[et_pb_section fb_built=&#8221;1&#8243; custom_padding_last_edited=&#8221;on|desktop&#8221; admin_label=&#8221;section&#8221; _builder_version=&#8221;3.21&#8243; background_image=&#8221;http:\/\/leonjoven.gob.mx\/wp-content\/uploads\/2019\/11\/Fondo-Articulo7.jpg&#8221; parallax=&#8221;on&#8221; custom_padding=&#8221;||||true&#8221; custom_padding_tablet=&#8221;50px|0|50px|0&#8243; custom_padding_phone=&#8221;50px|0|0|0|false|false&#8221; transparent_background=&#8221;off&#8221;][et_pb_row make_fullwidth=&#8221;on&#8221; custom_padding=&#8221;0|0px|0|0px|false|false&#8221; custom_margin=&#8221;|||&#8221; background_color_2=&#8221;#7e00ff&#8221; padding_top_bottom_link_2=&#8221;true&#8221; padding_left_right_link_2=&#8221;true&#8221; parallax_method_1=&#8221;off&#8221; parallax_method_2=&#8221;off&#8221; padding_top_2=&#8221;3vw&#8221; padding_right_2=&#8221;3vw&#8221; padding_bottom_2=&#8221;3vw&#8221; padding_left_2=&#8221;3vw&#8221; admin_label=&#8221;Fila&#8221; _builder_version=&#8221;3.21&#8243; background_size=&#8221;initial&#8221; background_position=&#8221;top_left&#8221; background_repeat=&#8221;repeat&#8221;][et_pb_column type=&#8221;1_2&#8243; _builder_version=&#8221;3.0.47&#8243;][\/et_pb_column][et_pb_column type=&#8221;1_2&#8243; _builder_version=&#8221;3.0.47&#8243;][et_pb_post_title author=&#8221;off&#8221; featured_image=&#8221;off&#8221; _builder_version=&#8221;3.21&#8243; title_font=&#8221;||||||||&#8221; title_text_color=&#8221;#ffffff&#8221; title_font_size=&#8221;4em&#8221; title_font_size_phone=&#8221;2.4em&#8221; title_font_size_last_edited=&#8221;on|desktop&#8221; title_text_shadow_style=&#8221;preset5&#8243; title_text_shadow_color=&#8221;#cd00ed&#8221; meta_font=&#8221;||||||||&#8221; meta_text_color=&#8221;#ffffff&#8221; custom_padding=&#8221;8vw||0vw&#8221; animation_style=&#8221;flip&#8221; animation_duration=&#8221;1150ms&#8221; animation_delay=&#8221;350ms&#8221;][\/et_pb_post_title][et_pb_divider color=&#8221;#ffffff&#8221; divider_style=&#8221;outset&#8221; divider_position=&#8221;center&#8221; divider_weight=&#8221;8px&#8221; height=&#8221;0px&#8221; _builder_version=&#8221;3.21&#8243; animation_style=&#8221;zoom&#8221;][\/et_pb_divider][et_pb_text [&hellip;]<\/p>\n","protected":false},"author":1,"featured_media":4997,"comment_status":"open","ping_status":"closed","template":"","meta":{"_et_pb_use_builder":"on","_et_pb_old_content":"","_et_gb_content_width":""},"project_category":[42],"project_tag":[],"_links":{"self":[{"href":"http:\/\/leonjoven.gob.mx\/index.php?rest_route=\/wp\/v2\/project\/4864"}],"collection":[{"href":"http:\/\/leonjoven.gob.mx\/index.php?rest_route=\/wp\/v2\/project"}],"about":[{"href":"http:\/\/leonjoven.gob.mx\/index.php?rest_route=\/wp\/v2\/types\/project"}],"author":[{"embeddable":true,"href":"http:\/\/leonjoven.gob.mx\/index.php?rest_route=\/wp\/v2\/users\/1"}],"replies":[{"embeddable":true,"href":"http:\/\/leonjoven.gob.mx\/index.php?rest_route=%2Fwp%2Fv2%2Fcomments&post=4864"}],"version-history":[{"count":4,"href":"http:\/\/leonjoven.gob.mx\/index.php?rest_route=\/wp\/v2\/project\/4864\/revisions"}],"predecessor-version":[{"id":4890,"href":"http:\/\/leonjoven.gob.mx\/index.php?rest_route=\/wp\/v2\/project\/4864\/revisions\/4890"}],"wp:featuredmedia":[{"embeddable":true,"href":"http:\/\/leonjoven.gob.mx\/index.php?rest_route=\/wp\/v2\/media\/4997"}],"wp:attachment":[{"href":"http:\/\/leonjoven.gob.mx\/index.php?rest_route=%2Fwp%2Fv2%2Fmedia&parent=4864"}],"wp:term":[{"taxonomy":"project_category","embeddable":true,"href":"http:\/\/leonjoven.gob.mx\/index.php?rest_route=%2Fwp%2Fv2%2Fproject_category&post=4864"},{"taxonomy":"project_tag","embeddable":true,"href":"http:\/\/leonjoven.gob.mx\/index.php?rest_route=%2Fwp%2Fv2%2Fproject_tag&post=4864"}],"curies":[{"name":"wp","href":"https:\/\/api.w.org\/{rel}","templated":true}]}}